{"id":14612,"date":"2020-09-24T14:50:14","date_gmt":"2020-09-24T12:50:14","guid":{"rendered":"https:\/\/autocarsbarcelona.es\/?page_id=14612"},"modified":"2025-03-06T09:45:35","modified_gmt":"2025-03-06T08:45:35","slug":"alquiler-autocar-bodas-barcelona","status":"publish","type":"page","link":"https:\/\/autocarsbarcelona.es\/ca\/alquiler-autocar-bodas-barcelona\/","title":{"rendered":"Servicios &#8211; Bodas"},"content":{"rendered":"\t\t<div data-elementor-type=\"wp-page\" data-elementor-id=\"14612\" class=\"elementor elementor-14612\">\n\t\t\t\t\t\t<section class=\"elementor-section elementor-top-section elementor-element elementor-element-5cea5c66 elementor-section-stretched elementor-section-full_width elementor-section-height-default elementor-section-height-default\" data-id=\"5cea5c66\" data-element_type=\"section\" data-e-type=\"section\" data-settings=\"{&quot;stretch_section&quot;:&quot;section-stretched&quot;,&quot;background_background&quot;:&quot;slideshow&quot;,&quot;background_slideshow_gallery&quot;:[{&quot;id&quot;:14560,&quot;url&quot;:&quot;https:\\\/\\\/autocarsbarcelona.es\\\/wp-content\\\/uploads\\\/2020\\\/09\\\/IMG_20200908_133452-scaled.jpg&quot;}],&quot;background_slideshow_slide_transition&quot;:&quot;slide_left&quot;,&quot;background_slideshow_loop&quot;:&quot;yes&quot;,&quot;background_slideshow_slide_duration&quot;:5000,&quot;background_slideshow_transition_duration&quot;:500}\">\n\t\t\t\t\t\t\t<div class=\"elementor-background-overlay\"><\/div>\n\t\t\t\t\t\t\t<div class=\"elementor-container elementor-column-gap-default\">\n\t\t\t\t\t<div class=\"elementor-column elementor-col-100 elementor-top-column elementor-element elementor-element-1829ec50\" data-id=\"1829ec50\" data-element_type=\"column\" data-e-type=\"column\">\n\t\t\t<div class=\"elementor-widget-wrap elementor-element-populated\">\n\t\t\t\t\t\t<div class=\"elementor-element elementor-element-70b19627 elementor-hidden-tablet elementor-hidden-phone elementor-widget elementor-widget-heading\" data-id=\"70b19627\" data-element_type=\"widget\" data-e-type=\"widget\" data-widget_type=\"heading.default\">\n\t\t\t\t<div class=\"elementor-widget-container\">\n\t\t\t\t\t<h2 class=\"elementor-heading-title elementor-size-default\">Alquilar un autocar para tu boda nunca fue tan f\u00e1cil<br>(ni tan c\u00f3modo)<\/h2>\t\t\t\t<\/div>\n\t\t\t\t<\/div>\n\t\t\t\t<div class=\"elementor-element elementor-element-24eb9e3b elementor-align-center elementor-widget elementor-widget-button\" data-id=\"24eb9e3b\" data-element_type=\"widget\" data-e-type=\"widget\" data-widget_type=\"button.default\">\n\t\t\t\t<div class=\"elementor-widget-container\">\n\t\t\t\t\t\t\t\t\t<div class=\"elementor-button-wrapper\">\n\t\t\t\t\t<a class=\"elementor-button elementor-button-link elementor-size-sm elementor-animation-sink\" href=\"#contactobodas\">\n\t\t\t\t\t\t<span class=\"elementor-button-content-wrapper\">\n\t\t\t\t\t\t\t\t\t<span class=\"elementor-button-text\">\u00bfCU\u00c1NDO TE CASAS?<\/span>\n\t\t\t\t\t<\/span>\n\t\t\t\t\t<\/a>\n\t\t\t\t<\/div>\n\t\t\t\t\t\t\t\t<\/div>\n\t\t\t\t<\/div>\n\t\t\t\t\t<\/div>\n\t\t<\/div>\n\t\t\t\t\t<\/div>\n\t\t<\/section>\n\t\t\t\t<section class=\"elementor-section elementor-top-section elementor-element elementor-element-633bef55 elementor-section-boxed elementor-section-height-default elementor-section-height-default\" data-id=\"633bef55\" data-element_type=\"section\" data-e-type=\"section\">\n\t\t\t\t\t\t<div class=\"elementor-container elementor-column-gap-default\">\n\t\t\t\t\t<div class=\"elementor-column elementor-col-100 elementor-top-column elementor-element elementor-element-3706c1ba\" data-id=\"3706c1ba\" data-element_type=\"column\" data-e-type=\"column\">\n\t\t\t<div class=\"elementor-widget-wrap elementor-element-populated\">\n\t\t\t\t\t\t<div class=\"elementor-element elementor-element-438ca694 elementor-widget elementor-widget-heading\" data-id=\"438ca694\" data-element_type=\"widget\" data-e-type=\"widget\" data-widget_type=\"heading.default\">\n\t\t\t\t<div class=\"elementor-widget-container\">\n\t\t\t\t\t<h2 class=\"elementor-heading-title elementor-size-default\"><span class=\"elementor-heading-title elementor-size-default elementor-inline-editing pen\" data-elementor-setting-key=\"title\" data-pen-placeholder=\"Teclea aqu\u00ed...\" style=\"letter-spacing: 0px;text-align: start\">AUTOCARES PARA BODAS<\/span><\/h2>\t\t\t\t<\/div>\n\t\t\t\t<\/div>\n\t\t\t\t<div class=\"elementor-element elementor-element-5bba6f37 elementor-widget elementor-widget-heading\" data-id=\"5bba6f37\" data-element_type=\"widget\" data-e-type=\"widget\" data-widget_type=\"heading.default\">\n\t\t\t\t<div class=\"elementor-widget-container\">\n\t\t\t\t\t<h2 class=\"elementor-heading-title elementor-size-default\"><span class=\"elementor-heading-title elementor-size-default elementor-inline-editing pen\" data-elementor-setting-key=\"title\" data-pen-placeholder=\"Teclea aqu\u00ed...\" style=\"letter-spacing: 0px\">Preparar una boda ya es bastante estresante como para tener que a\u00f1adirle el estr\u00e9s de alquilar un autocar para los invitados.<\/span><\/h2>\t\t\t\t<\/div>\n\t\t\t\t<\/div>\n\t\t\t\t<div class=\"elementor-element elementor-element-8fddfe1 elementor-widget elementor-widget-text-editor\" data-id=\"8fddfe1\" data-element_type=\"widget\" data-e-type=\"widget\" data-widget_type=\"text-editor.default\">\n\t\t\t\t<div class=\"elementor-widget-container\">\n\t\t\t\t\t\t\t\t\t<p>Tenemos autocares de diferentes capacidades para llevar a los invitados del lugar de la ceremonia al de la celebraci\u00f3n sin miedo a perderse ni a llegar tarde para que todo salga sobre ruedas en uno de los d\u00edas m\u00e1s especiales de tu vida.<\/p>\t\t\t\t\t\t\t\t<\/div>\n\t\t\t\t<\/div>\n\t\t\t\t\t<\/div>\n\t\t<\/div>\n\t\t\t\t\t<\/div>\n\t\t<\/section>\n\t\t\t\t<section class=\"elementor-section elementor-top-section elementor-element elementor-element-27224f3 elementor-section-full_width elementor-section-content-middle elementor-section-stretched elementor-section-height-default elementor-section-height-default\" data-id=\"27224f3\" data-element_type=\"section\" data-e-type=\"section\" data-settings=\"{&quot;stretch_section&quot;:&quot;section-stretched&quot;}\">\n\t\t\t\t\t\t<div class=\"elementor-container elementor-column-gap-no\">\n\t\t\t\t\t<div class=\"elementor-column elementor-col-100 elementor-top-column elementor-element elementor-element-b7a333b\" data-id=\"b7a333b\" data-element_type=\"column\" data-e-type=\"column\">\n\t\t\t<div class=\"elementor-widget-wrap elementor-element-populated\">\n\t\t\t\t\t\t<div class=\"elementor-element elementor-element-7725f38 elementor-widget elementor-widget-image-gallery\" data-id=\"7725f38\" data-element_type=\"widget\" data-e-type=\"widget\" data-widget_type=\"image-gallery.default\">\n\t\t\t\t<div class=\"elementor-widget-container\">\n\t\t\t\t\t\t\t<div class=\"elementor-image-gallery\">\n\t\t\t<div id='gallery-1' class='gallery galleryid-14612 gallery-columns-4 gallery-size-1536x1536'><figure class='gallery-item'>\n\t\t\t<div class='gallery-icon portrait'>\n\t\t\t\t<img fetchpriority=\"high\" decoding=\"async\" width=\"1152\" height=\"1536\" src=\"https:\/\/autocarsbarcelona.es\/wp-content\/uploads\/2020\/10\/Autobuses_Bernabe_Web59-1152x1536.jpg\" class=\"attachment-1536x1536 size-1536x1536\" alt=\"Lloguer autocars Barcelona\" data-responsive-images=\"false\" \/>\n\t\t\t<\/div><\/figure><figure class='gallery-item'>\n\t\t\t<div class='gallery-icon portrait'>\n\t\t\t\t<img decoding=\"async\" width=\"1152\" height=\"1536\" src=\"https:\/\/autocarsbarcelona.es\/wp-content\/uploads\/2020\/09\/Autobuses_Bernabe_Web67-1152x1536.jpg\" class=\"attachment-1536x1536 size-1536x1536\" alt=\"Lloguer autocar casament Barcelona\" data-responsive-images=\"false\" \/>\n\t\t\t<\/div><\/figure><figure class='gallery-item'>\n\t\t\t<div class='gallery-icon portrait'>\n\t\t\t\t<img decoding=\"async\" width=\"1152\" height=\"1536\" src=\"https:\/\/autocarsbarcelona.es\/wp-content\/uploads\/2020\/10\/Autobuses_Bernabe_Web71-1152x1536.jpg\" class=\"attachment-1536x1536 size-1536x1536\" alt=\"Alquiler autocar casamiento Barcelona\" data-responsive-images=\"false\" \/>\n\t\t\t<\/div><\/figure><figure class='gallery-item'>\n\t\t\t<div class='gallery-icon portrait'>\n\t\t\t\t<img loading=\"lazy\" decoding=\"async\" width=\"1152\" height=\"1536\" src=\"https:\/\/autocarsbarcelona.es\/wp-content\/uploads\/2020\/09\/IMG_20200908_113230-1152x1536.jpg\" class=\"attachment-1536x1536 size-1536x1536\" alt=\"Autocar invitados boda Barcelona\" data-responsive-images=\"false\" \/>\n\t\t\t<\/div><\/figure>\n\t\t<\/div>\n\t\t<\/div>\n\t\t\t\t\t\t<\/div>\n\t\t\t\t<\/div>\n\t\t\t\t\t<\/div>\n\t\t<\/div>\n\t\t\t\t\t<\/div>\n\t\t<\/section>\n\t\t\t\t<section class=\"elementor-section elementor-top-section elementor-element elementor-element-a2ad048 elementor-section-boxed elementor-section-height-default elementor-section-height-default\" data-id=\"a2ad048\" data-element_type=\"section\" data-e-type=\"section\" data-settings=\"{&quot;background_background&quot;:&quot;classic&quot;}\">\n\t\t\t\t\t\t<div class=\"elementor-container elementor-column-gap-default\">\n\t\t\t\t\t<div class=\"elementor-column elementor-col-100 elementor-top-column elementor-element elementor-element-807ebbe\" data-id=\"807ebbe\" data-element_type=\"column\" data-e-type=\"column\">\n\t\t\t<div class=\"elementor-widget-wrap elementor-element-populated\">\n\t\t\t\t\t\t<div class=\"elementor-element elementor-element-26e4504 elementor-widget elementor-widget-text-editor\" data-id=\"26e4504\" data-element_type=\"widget\" data-e-type=\"widget\" data-widget_type=\"text-editor.default\">\n\t\t\t\t<div class=\"elementor-widget-container\">\n\t\t\t\t\t\t\t\t\t<div \n                class=\"elfsight-widget-testimonials-slider elfsight-widget\" \n                data-elfsight-testimonials-slider-options=\"%7B%22template%22%3A%22singleSpotlight%22%2C%22layout%22%3A%22slider%22%2C%22sliderArrows%22%3Atrue%2C%22sliderDrag%22%3Atrue%2C%22sliderSpeed%22%3A0.6%2C%22sliderAutoplay%22%3A0%2C%22sliderPaginationType%22%3A%22classic%22%2C%22widgetTitle%22%3A%22Qu%5Cu00e9%20dicen%20nuestros%20clientes%22%2C%22lang%22%3A%22es%22%2C%22items%22%3A%5B%7B%22text%22%3A%22Un%20servicio%2010%2C%20dimos%20una%20paga%20y%20se%5Cu00f1al%20el%20principio%20con%20la%20informaci%5Cu00f3n%20de%20los%20puntos%20de%20recogida%2C%20al%20d%5Cu00eda%20de%20antes%20nos%20llam%5Cu00f3%20la%20conductora%20para%20confirmar%20y%20pagamos%20el%20resto.%20Muy%20amables%20en%20todo%20momento%20y%20el%20d%5Cu00eda%20de%20recogida%2C%20muy%20puntual%2C%20y%20a%20la%20hora%20de%20recoger%20con%20margen%20suficiente.%3Cbr%3EGracias%20por%20el%20servicio%2C%20en%20otra%20ocasi%5Cu00f3n%20tambi%5Cu00e9n%20contaremos%20con%20vosotros.%22%2C%22name%22%3A%22Maggy%20Jl%22%2C%22socialProfileUrl%22%3A%22%22%2C%22caption%22%3A%22%22%2C%22picture%22%3A%22https%3A%5C%2F%5C%2Fautocarsbarcelona.es%5C%2Fwp-content%5C%2Fuploads%5C%2F2020%5C%2F09%5C%2Futmr_4797467.jpg%22%2C%22websiteUrl%22%3A%22%22%2C%22logo%22%3Anull%2C%22rating%22%3A5%2C%22contentDivider%22%3Anull%7D%2C%7B%22text%22%3A%22Autocares%20Bernab%5Cu00e9%20es%20una%20buena%20opci%5Cu00f3n%20si%20no%20quieres%20gastarte%20mucho%20dinero%20en%20el%20transporte%20y%20quieres%20tener%20un%20buen%20servicio.%3Cbr%3EEn%20nuestro%20caso%20todo%20sali%5Cu00f3%20bien%2C%20aunque%20una%20semana%20antes%20de%20la%20boda%20avisamos%20a%20la%20empresa%20para%20reducir%20la%20cantidad%20de%20invitados%20y%20el%20tama%5Cu00f1o%20del%20bus%20para%20mayor%20comodidad%20y%20apareci%5Cu00f3%20un%20autocar%20enorme%20que%20result%5Cu00f3%20medio%20vac%5Cu00edo%20y%20que%20no%20entraba%20por%20la%20puerta%20de%20la%20finca.%20Los%20invitados%20tuvieron%20que%20caminar%20desde%20la%20carretera%20hasta%20el%20lugar%20del%20banquete.%3Cbr%3EIgualmente%20muchas%20gracias%20por%20vuestro%20servicio.%22%2C%22name%22%3A%22Antonio%20Salas%22%2C%22socialProfileUrl%22%3A%22%22%2C%22caption%22%3A%22%22%2C%22picture%22%3A%22https%3A%5C%2F%5C%2Fautocarsbarcelona.es%5C%2Fwp-content%5C%2Fuploads%5C%2F2020%5C%2F09%5C%2Futmr_2911405.jpg%22%2C%22websiteUrl%22%3A%22%22%2C%22logo%22%3Anull%2C%22rating%22%3A4%2C%22contentDivider%22%3Anull%7D%2C%7B%22text%22%3A%22Al%20ser%20poco%20invitados%20contratamos%20un%20bus%20de%2055%20plazas%20para%20llevarlos%20desde%20la%20ciudad%20hasta%20el%20punto%20de%20celebraci%5Cu00f3n%20y%2C%20a%20partir%20de%20cierta%20hora%2C%20acordamos%20que%20pasar%5Cu00eda%20un%20mini%20bus%20a%20cada%20hora%20hasta%20finalizar%20la%20barra%20libre%20para%20llevar%20de%20vuelta%20a%20los%20invitados.%20Fueron%20muy%20profesionales%20en%20todo%20momento.%20A%20cada%20hora%20esperaban%20un%20margen%20de%20tiempo%20para%20esos%20invitados%20m%5Cu00e1s%20rezagados%20y%20los%20dejaba%20lo%20m%5Cu00e1s%20pr%5Cu00f3ximos%20a%20sus%20hoteles%2C%20adem%5Cu00e1s%20de%20parar%20en%20los%20puntos%20clave%20que%20nos%20indicaron.%22%2C%22name%22%3A%22Macarena%20Rosado%20Rivero%22%2C%22caption%22%3A%22%22%2C%22picture%22%3A%22https%3A%5C%2F%5C%2Fautocarsbarcelona.es%5C%2Fwp-content%5C%2Fuploads%5C%2F2020%5C%2F09%5C%2Futmr_1022484.jpg%22%2C%22logo%22%3Anull%2C%22rating%22%3A5%2C%22contentDivider%22%3Anull%2C%22socialProfileUrl%22%3A%22%22%2C%22websiteUrl%22%3A%22%22%7D%2C%7B%22text%22%3A%22%5Cu00a1Todo%20muy%20bien%21%20Recogieron%20a%20todos%20los%20invitados%20a%20las%20horas%20marcadas%20en%20cada%20parada%20y%20llegaron%20perfectamente%20a%20la%20mas%5Cu00eda.%20Los%20novios%20tambi%5Cu00e9n%20volvimos%20muy%20c%5Cu00f3modos%20al%20acabar%20la%20boda.%3Cbr%3ELo%20recomiendo%20100%25%20calidad%20-%20precio%20inigualable.%22%2C%22name%22%3A%22Ver%5Cu00f3nica%20Astor%20Llobet%22%2C%22socialProfileUrl%22%3A%22%22%2C%22caption%22%3A%22%22%2C%22picture%22%3A%22https%3A%5C%2F%5C%2Fautocarsbarcelona.es%5C%2Fwp-content%5C%2Fuploads%5C%2F2020%5C%2F09%5C%2Futmr_785448.jpg%22%2C%22websiteUrl%22%3A%22%22%2C%22logo%22%3Anull%2C%22rating%22%3A5%2C%22contentDivider%22%3Anull%7D%2C%7B%22text%22%3A%22Se%20han%20adaptado%20a%20nuestras%20necesidades%20desde%20el%20primer%20d%5Cu00eda.%20La%20verdad%20es%20que%20no%20tengo%20queja%20ninguna%20de%20ellos.%20100%25%20recomendados.%20La%20boda%20acab%5Cu00f3%20un%20poquito%20antes%20de%20lo%20previsto%20y%20con%20una%20simple%20llamada%20el%20autocar%20apareci%5Cu00f3%20antes%20de%20la%20hora%20pactada%20para%20que%20los%20invitados%20pudieran%20regresar%20a%20sus%20casas.%22%2C%22name%22%3A%22Alex%20Moreno%22%2C%22socialProfileUrl%22%3A%22%22%2C%22caption%22%3A%22%22%2C%22picture%22%3A%22https%3A%5C%2F%5C%2Fautocarsbarcelona.es%5C%2Fwp-content%5C%2Fuploads%5C%2F2020%5C%2F09%5C%2Futmr_817005.jpg%22%2C%22websiteUrl%22%3A%22%22%2C%22logo%22%3Anull%2C%22rating%22%3A5%2C%22contentDivider%22%3Anull%7D%2C%7B%22text%22%3A%22Muy%20bien%20para%20la%20flexibilidad%20en%20caso%20de%20retrasos%20en%20la%20boda%20y%20para%20la%20proximidad%20en%20llegar%20al%20hotel.%20Flexibilidad%20tambi%5Cu00e9n%20para%20cambios%20de%20horarios%20y%20otros%20recorridos%20del%20origen%20del%20restaurante%20hasta%20el%20hotel.%22%2C%22name%22%3A%22Laura%22%2C%22socialProfileUrl%22%3A%22%22%2C%22caption%22%3A%22%22%2C%22picture%22%3A%22https%3A%5C%2F%5C%2Fautocarsbarcelona.es%5C%2Fwp-content%5C%2Fuploads%5C%2F2020%5C%2F09%5C%2Futmr_647444.jpg%22%2C%22websiteUrl%22%3A%22%22%2C%22logo%22%3Anull%2C%22rating%22%3A4%2C%22contentDivider%22%3Anull%7D%2C%7B%22text%22%3A%22Contratamos%20Autocares%20Bernab%5Cu00e9%20para%20trasladar%20a%20los%20invitados%20de%20nuestra%20boda%20y%20fue%20un%20servicio%20muy%20efectivo.%20Fueron%20muy%20puntuales%20tanto%20en%20la%20recogida%20de%20ida%20como%20de%20vuelta.%20Adem%5Cu00e1s%2C%20se%20adaptaron%20a%20recoger%20y%20regresar%20a%20unos%20invitados%20que%20estaban%20a%20mitad%20de%20trayecto.%22%2C%22name%22%3A%22Laura%20P%5Cu00e9rez%20Timoneda%22%2C%22socialProfileUrl%22%3A%22%22%2C%22caption%22%3A%22%22%2C%22picture%22%3A%22https%3A%5C%2F%5C%2Fautocarsbarcelona.es%5C%2Fwp-content%5C%2Fuploads%5C%2F2020%5C%2F09%5C%2Futmr_519013.jpg%22%2C%22websiteUrl%22%3A%22%22%2C%22logo%22%3Anull%2C%22rating%22%3A5%2C%22contentDivider%22%3Anull%7D%2C%7B%22text%22%3A%22El%20trato%20ha%20sido%20excepcional%20en%20todo%20momento%2C%20y%20el%20servicio%20impecable.%20Sin%20duda%20lo%20recomendar%5Cu00eda.%20Buen%20servicio%2C%20fueron%20muy%20puntuales%2C%20y%20el%20conductor%20fue%20muy%20amable%20y%20atento%20en%20todo%20momento.%20La%20atenci%5Cu00f3n%20siempre%20fue%20eficaz.%22%2C%22name%22%3A%22%22%2C%22socialProfileUrl%22%3A%22%22%2C%22caption%22%3A%22%22%2C%22picture%22%3A%22https%3A%5C%2F%5C%2Fautocarsbarcelona.es%5C%2Fwp-content%5C%2Fuploads%5C%2F2020%5C%2F09%5C%2Futmr_575346.jpg%22%2C%22websiteUrl%22%3A%22%22%2C%22logo%22%3Anull%2C%22rating%22%3A5%2C%22contentDivider%22%3Anull%7D%2C%7B%22text%22%3A%22Nuestra%20experiencia%20no%20podr%5Cu00eda%20haber%20sido%20mejor.%20Un%20servicio%20excelente.%20Sin%20prisas%20y%20muy%20puntuales.%20Los%20recomendamos%20sin%20dudarlos.%20Muy%20buena%20calidad-precio.%20Gran%20profesionalidad%20y%20amabilidad.%20Un%2010.%22%2C%22name%22%3A%22Marcos%20y%20Gema%22%2C%22socialProfileUrl%22%3A%22%22%2C%22caption%22%3A%22%22%2C%22picture%22%3A%22https%3A%5C%2F%5C%2Fautocarsbarcelona.es%5C%2Fwp-content%5C%2Fuploads%5C%2F2020%5C%2F09%5C%2Futmr_473484.jpg%22%2C%22websiteUrl%22%3A%22%22%2C%22logo%22%3A%22https%3A%5C%2F%5C%2Felfsight.com%5C%2Fassets%5C%2Ftestimonials-slider%5C%2Flogo-9.png%22%2C%22rating%22%3A5%2C%22contentDivider%22%3Anull%7D%5D%2C%22textAlign%22%3A%22left%22%2C%22textView%22%3A%22short%22%2C%22testimonialTextColor%22%3A%22%22%2C%22backgroundColor%22%3A%22%22%2C%22authorNameColor%22%3A%22%22%2C%22captionColor%22%3A%22%22%2C%22starsColor%22%3A%22rgb%28255%2C%20221%2C%2057%29%22%2C%22widgetId%22%3A%221%22%7D\" \n                data-elfsight-testimonials-slider-version=\"1.5.0\"\n                data-elfsight-widget-id=\"elfsight-testimonials-slider-1\">\n            <\/div>\t\t\t\t\t\t\t\t<\/div>\n\t\t\t\t<\/div>\n\t\t\t\t\t<\/div>\n\t\t<\/div>\n\t\t\t\t\t<\/div>\n\t\t<\/section>\n\t\t\t\t<section class=\"elementor-section elementor-top-section elementor-element elementor-element-353972e2 elementor-section-stretched elementor-section-boxed elementor-section-height-default elementor-section-height-default\" data-id=\"353972e2\" data-element_type=\"section\" data-e-type=\"section\" data-settings=\"{&quot;background_background&quot;:&quot;classic&quot;,&quot;stretch_section&quot;:&quot;section-stretched&quot;}\">\n\t\t\t\t\t\t<div class=\"elementor-container elementor-column-gap-default\">\n\t\t\t\t\t<div class=\"elementor-column elementor-col-50 elementor-top-column elementor-element elementor-element-1abf089a\" data-id=\"1abf089a\" data-element_type=\"column\" data-e-type=\"column\">\n\t\t\t<div class=\"elementor-widget-wrap elementor-element-populated\">\n\t\t\t\t\t\t<div class=\"elementor-element elementor-element-407336d elementor-view-default elementor-widget elementor-widget-icon\" data-id=\"407336d\" data-element_type=\"widget\" data-e-type=\"widget\" data-widget_type=\"icon.default\">\n\t\t\t\t<div class=\"elementor-widget-container\">\n\t\t\t\t\t\t\t<div class=\"elementor-icon-wrapper\">\n\t\t\t<div class=\"elementor-icon\">\n\t\t\t<i aria-hidden=\"true\" class=\"fas fa-bus\"><\/i>\t\t\t<\/div>\n\t\t<\/div>\n\t\t\t\t\t\t<\/div>\n\t\t\t\t<\/div>\n\t\t\t\t<div class=\"elementor-element elementor-element-9ef561e elementor-widget elementor-widget-spacer\" data-id=\"9ef561e\" data-element_type=\"widget\" data-e-type=\"widget\" data-widget_type=\"spacer.default\">\n\t\t\t\t<div class=\"elementor-widget-container\">\n\t\t\t\t\t\t\t<div class=\"elementor-spacer\">\n\t\t\t<div class=\"elementor-spacer-inner\"><\/div>\n\t\t<\/div>\n\t\t\t\t\t\t<\/div>\n\t\t\t\t<\/div>\n\t\t\t\t<div class=\"elementor-element elementor-element-79be228 elementor-widget elementor-widget-heading\" data-id=\"79be228\" data-element_type=\"widget\" data-e-type=\"widget\" data-widget_type=\"heading.default\">\n\t\t\t\t<div class=\"elementor-widget-container\">\n\t\t\t\t\t<h3 class=\"elementor-heading-title elementor-size-default\">Nuestros veh\u00edculos<\/h3>\t\t\t\t<\/div>\n\t\t\t\t<\/div>\n\t\t\t\t<div class=\"elementor-element elementor-element-60c21b8 elementor-widget elementor-widget-spacer\" data-id=\"60c21b8\" data-element_type=\"widget\" data-e-type=\"widget\" data-widget_type=\"spacer.default\">\n\t\t\t\t<div class=\"elementor-widget-container\">\n\t\t\t\t\t\t\t<div class=\"elementor-spacer\">\n\t\t\t<div class=\"elementor-spacer-inner\"><\/div>\n\t\t<\/div>\n\t\t\t\t\t\t<\/div>\n\t\t\t\t<\/div>\n\t\t\t\t<div class=\"elementor-element elementor-element-52db843 elementor-align-start elementor-list-item-link-full_width elementor-widget elementor-widget-icon-list\" data-id=\"52db843\" data-element_type=\"widget\" data-e-type=\"widget\" data-widget_type=\"icon-list.default\">\n\t\t\t\t<div class=\"elementor-widget-container\">\n\t\t\t\t\t\t\t<ul class=\"elementor-icon-list-items\">\n\t\t\t\t\t\t\t<li class=\"elementor-icon-list-item\">\n\t\t\t\t\t\t\t\t\t\t\t<span class=\"elementor-icon-list-icon\">\n\t\t\t\t\t\t\t<i aria-hidden=\"true\" class=\"fas fa-check\"><\/i>\t\t\t\t\t\t<\/span>\n\t\t\t\t\t\t\t\t\t\t<span class=\"elementor-icon-list-text\">Pasan por unos estrictos controles de limpieza entre viaje y viaje.<\/span>\n\t\t\t\t\t\t\t\t\t<\/li>\n\t\t\t\t\t\t\t\t<li class=\"elementor-icon-list-item\">\n\t\t\t\t\t\t\t\t\t\t\t<span class=\"elementor-icon-list-icon\">\n\t\t\t\t\t\t\t<i aria-hidden=\"true\" class=\"fas fa-check\"><\/i>\t\t\t\t\t\t<\/span>\n\t\t\t\t\t\t\t\t\t\t<span class=\"elementor-icon-list-text\">Cuentan con los \u00faltimos avances en seguridad y comodidad.<\/span>\n\t\t\t\t\t\t\t\t\t<\/li>\n\t\t\t\t\t\t\t\t<li class=\"elementor-icon-list-item\">\n\t\t\t\t\t\t\t\t\t\t\t<span class=\"elementor-icon-list-icon\">\n\t\t\t\t\t\t\t<i aria-hidden=\"true\" class=\"fas fa-check\"><\/i>\t\t\t\t\t\t<\/span>\n\t\t\t\t\t\t\t\t\t\t<span class=\"elementor-icon-list-text\">Disponen de todas las comodidades que puedas necesitar.<\/span>\n\t\t\t\t\t\t\t\t\t<\/li>\n\t\t\t\t\t\t\t\t<li class=\"elementor-icon-list-item\">\n\t\t\t\t\t\t\t\t\t\t\t<span class=\"elementor-icon-list-icon\">\n\t\t\t\t\t\t\t<i aria-hidden=\"true\" class=\"fas fa-check\"><\/i>\t\t\t\t\t\t<\/span>\n\t\t\t\t\t\t\t\t\t\t<span class=\"elementor-icon-list-text\">Pasan por revisiones anuales tanto mec\u00e1nicas como est\u00e9ticas.<\/span>\n\t\t\t\t\t\t\t\t\t<\/li>\n\t\t\t\t\t\t\t\t<li class=\"elementor-icon-list-item\">\n\t\t\t\t\t\t\t\t\t\t\t<span class=\"elementor-icon-list-icon\">\n\t\t\t\t\t\t\t<i aria-hidden=\"true\" class=\"fas fa-check\"><\/i>\t\t\t\t\t\t<\/span>\n\t\t\t\t\t\t\t\t\t\t<span class=\"elementor-icon-list-text\">Contamos con las \u00faltimas novedades en purificaci\u00f3n de aire durante el viaje.<\/span>\n\t\t\t\t\t\t\t\t\t<\/li>\n\t\t\t\t\t\t<\/ul>\n\t\t\t\t\t\t<\/div>\n\t\t\t\t<\/div>\n\t\t\t\t\t<\/div>\n\t\t<\/div>\n\t\t\t\t<div class=\"elementor-column elementor-col-50 elementor-top-column elementor-element elementor-element-722b3df\" data-id=\"722b3df\" data-element_type=\"column\" data-e-type=\"column\">\n\t\t\t<div class=\"elementor-widget-wrap elementor-element-populated\">\n\t\t\t\t\t\t<div class=\"elementor-element elementor-element-261aa8e elementor-view-default elementor-widget elementor-widget-icon\" data-id=\"261aa8e\" data-element_type=\"widget\" data-e-type=\"widget\" data-widget_type=\"icon.default\">\n\t\t\t\t<div class=\"elementor-widget-container\">\n\t\t\t\t\t\t\t<div class=\"elementor-icon-wrapper\">\n\t\t\t<div class=\"elementor-icon\">\n\t\t\t<i aria-hidden=\"true\" class=\"far fa-user\"><\/i>\t\t\t<\/div>\n\t\t<\/div>\n\t\t\t\t\t\t<\/div>\n\t\t\t\t<\/div>\n\t\t\t\t<div class=\"elementor-element elementor-element-b9668ba elementor-widget elementor-widget-spacer\" data-id=\"b9668ba\" data-element_type=\"widget\" data-e-type=\"widget\" data-widget_type=\"spacer.default\">\n\t\t\t\t<div class=\"elementor-widget-container\">\n\t\t\t\t\t\t\t<div class=\"elementor-spacer\">\n\t\t\t<div class=\"elementor-spacer-inner\"><\/div>\n\t\t<\/div>\n\t\t\t\t\t\t<\/div>\n\t\t\t\t<\/div>\n\t\t\t\t<div class=\"elementor-element elementor-element-1725efe elementor-widget elementor-widget-heading\" data-id=\"1725efe\" data-element_type=\"widget\" data-e-type=\"widget\" data-widget_type=\"heading.default\">\n\t\t\t\t<div class=\"elementor-widget-container\">\n\t\t\t\t\t<h3 class=\"elementor-heading-title elementor-size-default\">Nuestros conductores<\/h3>\t\t\t\t<\/div>\n\t\t\t\t<\/div>\n\t\t\t\t<div class=\"elementor-element elementor-element-4133017 elementor-widget elementor-widget-spacer\" data-id=\"4133017\" data-element_type=\"widget\" data-e-type=\"widget\" data-widget_type=\"spacer.default\">\n\t\t\t\t<div class=\"elementor-widget-container\">\n\t\t\t\t\t\t\t<div class=\"elementor-spacer\">\n\t\t\t<div class=\"elementor-spacer-inner\"><\/div>\n\t\t<\/div>\n\t\t\t\t\t\t<\/div>\n\t\t\t\t<\/div>\n\t\t\t\t<div class=\"elementor-element elementor-element-354cc06 elementor-align-start elementor-icon-list--layout-traditional elementor-list-item-link-full_width elementor-widget elementor-widget-icon-list\" data-id=\"354cc06\" data-element_type=\"widget\" data-e-type=\"widget\" data-widget_type=\"icon-list.default\">\n\t\t\t\t<div class=\"elementor-widget-container\">\n\t\t\t\t\t\t\t<ul class=\"elementor-icon-list-items\">\n\t\t\t\t\t\t\t<li class=\"elementor-icon-list-item\">\n\t\t\t\t\t\t\t\t\t\t\t<span class=\"elementor-icon-list-icon\">\n\t\t\t\t\t\t\t<i aria-hidden=\"true\" class=\"fas fa-check\"><\/i>\t\t\t\t\t\t<\/span>\n\t\t\t\t\t\t\t\t\t\t<span class=\"elementor-icon-list-text\">Destacan por su puntualidad, amabilidad y adaptabilidad.<\/span>\n\t\t\t\t\t\t\t\t\t<\/li>\n\t\t\t\t\t\t\t\t<li class=\"elementor-icon-list-item\">\n\t\t\t\t\t\t\t\t\t\t\t<span class=\"elementor-icon-list-icon\">\n\t\t\t\t\t\t\t<i aria-hidden=\"true\" class=\"fas fa-check\"><\/i>\t\t\t\t\t\t<\/span>\n\t\t\t\t\t\t\t\t\t\t<span class=\"elementor-icon-list-text\">Disponen de seguimiento GPS desde nuestra sede de Barcelona para ver en todo momento en qu\u00e9 punto de la ruta se encuentran.<\/span>\n\t\t\t\t\t\t\t\t\t<\/li>\n\t\t\t\t\t\t\t\t<li class=\"elementor-icon-list-item\">\n\t\t\t\t\t\t\t\t\t\t\t<span class=\"elementor-icon-list-icon\">\n\t\t\t\t\t\t\t<i aria-hidden=\"true\" class=\"fas fa-check\"><\/i>\t\t\t\t\t\t<\/span>\n\t\t\t\t\t\t\t\t\t\t<span class=\"elementor-icon-list-text\">Cumplen con la normativa de descanso y conducci\u00f3n en todo momento.<\/span>\n\t\t\t\t\t\t\t\t\t<\/li>\n\t\t\t\t\t\t<\/ul>\n\t\t\t\t\t\t<\/div>\n\t\t\t\t<\/div>\n\t\t\t\t\t<\/div>\n\t\t<\/div>\n\t\t\t\t\t<\/div>\n\t\t<\/section>\n\t\t\t\t<section class=\"elementor-section elementor-top-section elementor-element elementor-element-4db26c2 elementor-section-boxed elementor-section-height-default elementor-section-height-default\" data-id=\"4db26c2\" data-element_type=\"section\" data-e-type=\"section\">\n\t\t\t\t\t\t<div class=\"elementor-container elementor-column-gap-default\">\n\t\t\t\t\t<div class=\"elementor-column elementor-col-100 elementor-top-column elementor-element elementor-element-45fed23\" data-id=\"45fed23\" data-element_type=\"column\" data-e-type=\"column\">\n\t\t\t<div class=\"elementor-widget-wrap elementor-element-populated\">\n\t\t\t\t\t\t<div class=\"elementor-element elementor-element-a13d0d5 elementor-widget elementor-widget-spacer\" data-id=\"a13d0d5\" data-element_type=\"widget\" data-e-type=\"widget\" data-widget_type=\"spacer.default\">\n\t\t\t\t<div class=\"elementor-widget-container\">\n\t\t\t\t\t\t\t<div class=\"elementor-spacer\">\n\t\t\t<div class=\"elementor-spacer-inner\"><\/div>\n\t\t<\/div>\n\t\t\t\t\t\t<\/div>\n\t\t\t\t<\/div>\n\t\t\t\t\t<\/div>\n\t\t<\/div>\n\t\t\t\t\t<\/div>\n\t\t<\/section>\n\t\t\t\t<section class=\"elementor-section elementor-top-section elementor-element elementor-element-3411a0f elementor-section-full_width elementor-section-height-default elementor-section-height-default\" data-id=\"3411a0f\" data-element_type=\"section\" data-e-type=\"section\" data-settings=\"{&quot;background_background&quot;:&quot;classic&quot;}\">\n\t\t\t\t\t\t<div class=\"elementor-container elementor-column-gap-default\">\n\t\t\t\t\t<div class=\"elementor-column elementor-col-50 elementor-top-column elementor-element elementor-element-d8636c2\" data-id=\"d8636c2\" data-element_type=\"column\" data-e-type=\"column\">\n\t\t\t<div class=\"elementor-widget-wrap elementor-element-populated\">\n\t\t\t\t\t\t<div class=\"elementor-element elementor-element-f5fc637 elementor-hidden-desktop elementor-hidden-tablet elementor-hidden-mobile elementor-widget elementor-widget-menu-anchor\" data-id=\"f5fc637\" data-element_type=\"widget\" data-e-type=\"widget\" data-widget_type=\"menu-anchor.default\">\n\t\t\t\t<div class=\"elementor-widget-container\">\n\t\t\t\t\t\t\t<div class=\"elementor-menu-anchor\" id=\"contactobodas\"><\/div>\n\t\t\t\t\t\t<\/div>\n\t\t\t\t<\/div>\n\t\t\t\t<div class=\"elementor-element elementor-element-1139afa elementor-widget elementor-widget-heading\" data-id=\"1139afa\" data-element_type=\"widget\" data-e-type=\"widget\" data-widget_type=\"heading.default\">\n\t\t\t\t<div class=\"elementor-widget-container\">\n\t\t\t\t\t<h2 class=\"elementor-heading-title elementor-size-default\">PIDE TU PRESUPUESTO PERSONALIZADO<\/h2>\t\t\t\t<\/div>\n\t\t\t\t<\/div>\n\t\t\t\t<div class=\"elementor-element elementor-element-4b813d8 elementor-widget-mobile__width-initial elementor-widget elementor-widget-html\" data-id=\"4b813d8\" data-element_type=\"widget\" data-e-type=\"widget\" data-widget_type=\"html.default\">\n\t\t\t\t<div class=\"elementor-widget-container\">\n\t\t\t\t\t<iframe src=\" https:\/\/wequo.com\/quotation\/e3a57f60-7bd0-492a-8e11-836a7494ffa2\"\r\nwidth=\"600\" height=\"1300\"><\/iframe>\t\t\t\t<\/div>\n\t\t\t\t<\/div>\n\t\t\t\t<div class=\"elementor-element elementor-element-2810709 elementor-hidden-desktop elementor-hidden-tablet elementor-hidden-mobile elementor-widget elementor-widget-shortcode\" data-id=\"2810709\" data-element_type=\"widget\" data-e-type=\"widget\" data-widget_type=\"shortcode.default\">\n\t\t\t\t<div class=\"elementor-widget-container\">\n\t\t\t\t\t\t\t<div class=\"elementor-shortcode\">\n<div class=\"wpcf7 no-js\" id=\"wpcf7-f14725-o1\" lang=\"es-ES\" dir=\"ltr\" data-wpcf7-id=\"14725\">\n<div class=\"screen-reader-response\"><p role=\"status\" aria-live=\"polite\" aria-atomic=\"true\"><\/p> <ul><\/ul><\/div>\n<form action=\"\/ca\/wp-json\/wp\/v2\/pages\/14612#wpcf7-f14725-o1\" method=\"post\" class=\"wpcf7-form init\" aria-label=\"Formulario de contacto\" novalidate=\"novalidate\" data-status=\"init\">\n<fieldset class=\"hidden-fields-container\"><input type=\"hidden\" name=\"_wpcf7\" value=\"14725\" \/><input type=\"hidden\" name=\"_wpcf7_version\" value=\"6.1.5\" \/><input type=\"hidden\" name=\"_wpcf7_locale\" value=\"es_ES\" \/><input type=\"hidden\" name=\"_wpcf7_unit_tag\" value=\"wpcf7-f14725-o1\" \/><input type=\"hidden\" name=\"_wpcf7_container_post\" value=\"0\" \/><input type=\"hidden\" name=\"_wpcf7_posted_data_hash\" value=\"\" \/><input type=\"hidden\" name=\"_wpcf7_recaptcha_response\" value=\"\" \/>\n<\/fieldset>\n<p><label> Nombre*<br \/>\n<span class=\"wpcf7-form-control-wrap\" data-name=\"your-name\"><input size=\"40\" maxlength=\"400\" class=\"wpcf7-form-control wpcf7-text wpcf7-validates-as-required\" aria-required=\"true\" aria-invalid=\"false\" value=\"\" type=\"text\" name=\"your-name\" \/><\/span> <\/label>\n<\/p>\n<p><label> Email*<br \/>\n<span class=\"wpcf7-form-control-wrap\" data-name=\"your-email\"><input size=\"40\" maxlength=\"400\" class=\"wpcf7-form-control wpcf7-email wpcf7-validates-as-required wpcf7-text wpcf7-validates-as-email\" aria-required=\"true\" aria-invalid=\"false\" value=\"\" type=\"email\" name=\"your-email\" \/><\/span> <\/label>\n<\/p>\n<p><label> Origen trayecto<br \/>\n<span class=\"wpcf7-form-control-wrap\" data-name=\"origen\"><input size=\"40\" maxlength=\"400\" class=\"wpcf7-form-control wpcf7-text\" aria-invalid=\"false\" value=\"\" type=\"text\" name=\"origen\" \/><\/span> <\/label>\n<\/p>\n<p><label> Destino trayecto<br \/>\n<span class=\"wpcf7-form-control-wrap\" data-name=\"destino\"><input size=\"40\" maxlength=\"400\" class=\"wpcf7-form-control wpcf7-text\" aria-invalid=\"false\" value=\"\" type=\"text\" name=\"destino\" \/><\/span> <\/label>\n<\/p>\n<p><label> Fecha del servicio<br \/>\n<span class=\"wpcf7-form-control-wrap\" data-name=\"fecha\"><input size=\"40\" maxlength=\"400\" class=\"wpcf7-form-control wpcf7-text\" aria-invalid=\"false\" value=\"\" type=\"text\" name=\"fecha\" \/><\/span> <\/label>\n<\/p>\n<p><label> Consulta<br \/>\n<span class=\"wpcf7-form-control-wrap\" data-name=\"your-message\"><textarea cols=\"40\" rows=\"10\" maxlength=\"2000\" class=\"wpcf7-form-control wpcf7-textarea\" aria-invalid=\"false\" name=\"your-message\"><\/textarea><\/span> <span style=\"font-size:80%;font-style:italic;\">* Campos obligatorios a cumplimentar<\/span><\/label>\n<\/p>\n<p><span class=\"wpcf7-form-control-wrap\" data-name=\"acceptance-825\"><span class=\"wpcf7-form-control wpcf7-acceptance\"><span class=\"wpcf7-list-item\"><input type=\"checkbox\" name=\"acceptance-825\" value=\"1\" aria-invalid=\"false\" \/><\/span><\/span><\/span> He le\u00eddo y acepto el <a target=\"_blank\" rel=\"nofollow noopener noreferrer\" href=\"https:\/\/autocarsbarcelona.es\/avisos-legales\">Aviso Legal<\/a> y la <a target=\"_blank\" rel=\"nofollow noopener noreferrer\" href=\"https:\/\/autocarsbarcelona.es\/politica-de-privacidad\">Pol\u00edtica de Privacidad<\/a>\n<\/p>\n<p><span style=\"font-size:75%;text-align:justify;\"><b>Protecci\u00f3n de datos<\/b><br \/>\nEl responsable del tratamiento es AUTOCARES BERNAB\u00c9. La finalidad de la recogida de datos es la de poder atender sus cuestiones, sin ceder sus datos a terceros. Tiene derecho a saber qu\u00e9 informaci\u00f3n tenemos sobre usted, corregirla o eliminarla tal y como se explica en nuestra Pol\u00edtica de Privacidad.<\/span>\n<\/p>\n<p><input class=\"wpcf7-form-control wpcf7-submit has-spinner\" type=\"submit\" value=\"Enviar\" \/>\n<\/p><div class=\"wpcf7-response-output\" aria-hidden=\"true\"><\/div>\n<\/form>\n<\/div>\n<\/div>\n\t\t\t\t\t\t<\/div>\n\t\t\t\t<\/div>\n\t\t\t\t\t<\/div>\n\t\t<\/div>\n\t\t\t\t<div class=\"elementor-column elementor-col-50 elementor-top-column elementor-element elementor-element-ed8aaa7 elementor-hidden-phone\" data-id=\"ed8aaa7\" data-element_type=\"column\" data-e-type=\"column\" data-settings=\"{&quot;background_background&quot;:&quot;classic&quot;}\">\n\t\t\t<div class=\"elementor-widget-wrap\">\n\t\t\t\t\t\t\t<\/div>\n\t\t<\/div>\n\t\t\t\t\t<\/div>\n\t\t<\/section>\n\t\t\t\t<section class=\"elementor-section elementor-top-section elementor-element elementor-element-7fd70883 elementor-section-full_width elementor-section-height-default elementor-section-height-default\" data-id=\"7fd70883\" data-element_type=\"section\" data-e-type=\"section\" data-settings=\"{&quot;background_background&quot;:&quot;classic&quot;}\">\n\t\t\t\t\t\t\t<div class=\"elementor-background-overlay\"><\/div>\n\t\t\t\t\t\t\t<div class=\"elementor-container elementor-column-gap-default\">\n\t\t\t\t\t<div class=\"elementor-column elementor-col-100 elementor-top-column elementor-element elementor-element-769bc6a4\" data-id=\"769bc6a4\" data-element_type=\"column\" data-e-type=\"column\" data-settings=\"{&quot;background_background&quot;:&quot;classic&quot;}\">\n\t\t\t<div class=\"elementor-widget-wrap elementor-element-populated\">\n\t\t\t\t\t<div class=\"elementor-background-overlay\"><\/div>\n\t\t\t\t\t\t<div class=\"elementor-element elementor-element-2e99fde6 elementor-widget elementor-widget-heading\" data-id=\"2e99fde6\" data-element_type=\"widget\" data-e-type=\"widget\" data-widget_type=\"heading.default\">\n\t\t\t\t<div class=\"elementor-widget-container\">\n\t\t\t\t\t<h2 class=\"elementor-heading-title elementor-size-default\">RESPONDEMOS TUS DUDAS<\/h2>\t\t\t\t<\/div>\n\t\t\t\t<\/div>\n\t\t\t\t<div class=\"elementor-element elementor-element-2844ce7c elementor-widget elementor-widget-heading\" data-id=\"2844ce7c\" data-element_type=\"widget\" data-e-type=\"widget\" data-widget_type=\"heading.default\">\n\t\t\t\t<div class=\"elementor-widget-container\">\n\t\t\t\t\t<h2 class=\"elementor-heading-title elementor-size-default\">Preguntas frecuentes sobre el alquiler de autocares para bodas y celebraciones.<\/h2>\t\t\t\t<\/div>\n\t\t\t\t<\/div>\n\t\t\t\t<div class=\"elementor-element elementor-element-7fb4a0fb elementor-widget elementor-widget-accordion\" data-id=\"7fb4a0fb\" data-element_type=\"widget\" data-e-type=\"widget\" data-widget_type=\"accordion.default\">\n\t\t\t\t<div class=\"elementor-widget-container\">\n\t\t\t\t\t\t\t<div class=\"elementor-accordion\">\n\t\t\t\t\t\t\t<div class=\"elementor-accordion-item\">\n\t\t\t\t\t<div id=\"elementor-tab-title-2141\" class=\"elementor-tab-title\" data-tab=\"1\" role=\"button\" aria-controls=\"elementor-tab-content-2141\" aria-expanded=\"false\">\n\t\t\t\t\t\t\t\t\t\t\t\t\t<span class=\"elementor-accordion-icon elementor-accordion-icon-right\" aria-hidden=\"true\">\n\t\t\t\t\t\t\t\t\t\t\t\t\t\t\t<span class=\"elementor-accordion-icon-closed\"><i class=\"fas fa-plus\"><\/i><\/span>\n\t\t\t\t\t\t\t\t<span class=\"elementor-accordion-icon-opened\"><i class=\"fas fa-minus\"><\/i><\/span>\n\t\t\t\t\t\t\t\t\t\t\t\t\t\t<\/span>\n\t\t\t\t\t\t\t\t\t\t\t\t<a class=\"elementor-accordion-title\" tabindex=\"0\">\u00bfQu\u00e9 informaci\u00f3n se necesita para la confecci\u00f3n de un presupuesto?<\/a>\n\t\t\t\t\t<\/div>\n\t\t\t\t\t<div id=\"elementor-tab-content-2141\" class=\"elementor-tab-content elementor-clearfix\" data-tab=\"1\" role=\"region\" aria-labelledby=\"elementor-tab-title-2141\"><p>Para poder realizar un presupuesto, es necesario que nos facilites la siguiente informaci\u00f3n:<\/p><ul><li>D\u00eda del evento<\/li><li>Hora de salida<\/li><li>Lugar de salida<\/li><li>Destino<\/li><li>D\u00eda de regreso<\/li><li>Hora de regreso<\/li><li>Pasajeros<\/li><li>Itinerario<\/li><\/ul><\/div>\n\t\t\t\t<\/div>\n\t\t\t\t\t\t\t<div class=\"elementor-accordion-item\">\n\t\t\t\t\t<div id=\"elementor-tab-title-2142\" class=\"elementor-tab-title\" data-tab=\"2\" role=\"button\" aria-controls=\"elementor-tab-content-2142\" aria-expanded=\"false\">\n\t\t\t\t\t\t\t\t\t\t\t\t\t<span class=\"elementor-accordion-icon elementor-accordion-icon-right\" aria-hidden=\"true\">\n\t\t\t\t\t\t\t\t\t\t\t\t\t\t\t<span class=\"elementor-accordion-icon-closed\"><i class=\"fas fa-plus\"><\/i><\/span>\n\t\t\t\t\t\t\t\t<span class=\"elementor-accordion-icon-opened\"><i class=\"fas fa-minus\"><\/i><\/span>\n\t\t\t\t\t\t\t\t\t\t\t\t\t\t<\/span>\n\t\t\t\t\t\t\t\t\t\t\t\t<a class=\"elementor-accordion-title\" tabindex=\"0\">\u00bfCon cu\u00e1nto tiempo hay que hacer la reserva?<\/a>\n\t\t\t\t\t<\/div>\n\t\t\t\t\t<div id=\"elementor-tab-content-2142\" class=\"elementor-tab-content elementor-clearfix\" data-tab=\"2\" role=\"region\" aria-labelledby=\"elementor-tab-title-2142\"><p>Nuestra empresa realiza las reservas mientras haya disponibilidad, aconsejamos realizar las reservas cuanto antes mejor.<\/p><\/div>\n\t\t\t\t<\/div>\n\t\t\t\t\t\t\t<div class=\"elementor-accordion-item\">\n\t\t\t\t\t<div id=\"elementor-tab-title-2143\" class=\"elementor-tab-title\" data-tab=\"3\" role=\"button\" aria-controls=\"elementor-tab-content-2143\" aria-expanded=\"false\">\n\t\t\t\t\t\t\t\t\t\t\t\t\t<span class=\"elementor-accordion-icon elementor-accordion-icon-right\" aria-hidden=\"true\">\n\t\t\t\t\t\t\t\t\t\t\t\t\t\t\t<span class=\"elementor-accordion-icon-closed\"><i class=\"fas fa-plus\"><\/i><\/span>\n\t\t\t\t\t\t\t\t<span class=\"elementor-accordion-icon-opened\"><i class=\"fas fa-minus\"><\/i><\/span>\n\t\t\t\t\t\t\t\t\t\t\t\t\t\t<\/span>\n\t\t\t\t\t\t\t\t\t\t\t\t<a class=\"elementor-accordion-title\" tabindex=\"0\">\u00bfCon cu\u00e1nta antelaci\u00f3n puedo pedir un presupuesto?<\/a>\n\t\t\t\t\t<\/div>\n\t\t\t\t\t<div id=\"elementor-tab-content-2143\" class=\"elementor-tab-content elementor-clearfix\" data-tab=\"3\" role=\"region\" aria-labelledby=\"elementor-tab-title-2143\"><p>En septiembre del a\u00f1o anterior abrimos agenda y ofrecemos cotizaciones para el a\u00f1o siguiente.<\/p><\/div>\n\t\t\t\t<\/div>\n\t\t\t\t\t\t\t<div class=\"elementor-accordion-item\">\n\t\t\t\t\t<div id=\"elementor-tab-title-2144\" class=\"elementor-tab-title\" data-tab=\"4\" role=\"button\" aria-controls=\"elementor-tab-content-2144\" aria-expanded=\"false\">\n\t\t\t\t\t\t\t\t\t\t\t\t\t<span class=\"elementor-accordion-icon elementor-accordion-icon-right\" aria-hidden=\"true\">\n\t\t\t\t\t\t\t\t\t\t\t\t\t\t\t<span class=\"elementor-accordion-icon-closed\"><i class=\"fas fa-plus\"><\/i><\/span>\n\t\t\t\t\t\t\t\t<span class=\"elementor-accordion-icon-opened\"><i class=\"fas fa-minus\"><\/i><\/span>\n\t\t\t\t\t\t\t\t\t\t\t\t\t\t<\/span>\n\t\t\t\t\t\t\t\t\t\t\t\t<a class=\"elementor-accordion-title\" tabindex=\"0\">\u00bfCon cu\u00e1nto tiempo puedo hacer cambios en la reserva?<\/a>\n\t\t\t\t\t<\/div>\n\t\t\t\t\t<div id=\"elementor-tab-content-2144\" class=\"elementor-tab-content elementor-clearfix\" data-tab=\"4\" role=\"region\" aria-labelledby=\"elementor-tab-title-2144\"><p>Ofrecemos la posibilidad de hacer peque\u00f1os cambios en horario e itinerario hasta 3 d\u00edas antes del inicio del servicio.<\/p><\/div>\n\t\t\t\t<\/div>\n\t\t\t\t\t\t\t<div class=\"elementor-accordion-item\">\n\t\t\t\t\t<div id=\"elementor-tab-title-2145\" class=\"elementor-tab-title\" data-tab=\"5\" role=\"button\" aria-controls=\"elementor-tab-content-2145\" aria-expanded=\"false\">\n\t\t\t\t\t\t\t\t\t\t\t\t\t<span class=\"elementor-accordion-icon elementor-accordion-icon-right\" aria-hidden=\"true\">\n\t\t\t\t\t\t\t\t\t\t\t\t\t\t\t<span class=\"elementor-accordion-icon-closed\"><i class=\"fas fa-plus\"><\/i><\/span>\n\t\t\t\t\t\t\t\t<span class=\"elementor-accordion-icon-opened\"><i class=\"fas fa-minus\"><\/i><\/span>\n\t\t\t\t\t\t\t\t\t\t\t\t\t\t<\/span>\n\t\t\t\t\t\t\t\t\t\t\t\t<a class=\"elementor-accordion-title\" tabindex=\"0\">\u00bfLos gastos del conductor van incluidos en el presupuesto?<\/a>\n\t\t\t\t\t<\/div>\n\t\t\t\t\t<div id=\"elementor-tab-content-2145\" class=\"elementor-tab-content elementor-clearfix\" data-tab=\"5\" role=\"region\" aria-labelledby=\"elementor-tab-title-2145\"><p>Siempre presentamos los presupuestos con gastos incluidos, para que no haya sorpresas al final del servicio.<\/p><\/div>\n\t\t\t\t<\/div>\n\t\t\t\t\t\t\t<div class=\"elementor-accordion-item\">\n\t\t\t\t\t<div id=\"elementor-tab-title-2146\" class=\"elementor-tab-title\" data-tab=\"6\" role=\"button\" aria-controls=\"elementor-tab-content-2146\" aria-expanded=\"false\">\n\t\t\t\t\t\t\t\t\t\t\t\t\t<span class=\"elementor-accordion-icon elementor-accordion-icon-right\" aria-hidden=\"true\">\n\t\t\t\t\t\t\t\t\t\t\t\t\t\t\t<span class=\"elementor-accordion-icon-closed\"><i class=\"fas fa-plus\"><\/i><\/span>\n\t\t\t\t\t\t\t\t<span class=\"elementor-accordion-icon-opened\"><i class=\"fas fa-minus\"><\/i><\/span>\n\t\t\t\t\t\t\t\t\t\t\t\t\t\t<\/span>\n\t\t\t\t\t\t\t\t\t\t\t\t<a class=\"elementor-accordion-title\" tabindex=\"0\">Si se atrasa la fiesta, \u00bfqu\u00e9 tenemos que hacer?<\/a>\n\t\t\t\t\t<\/div>\n\t\t\t\t\t<div id=\"elementor-tab-content-2146\" class=\"elementor-tab-content elementor-clearfix\" data-tab=\"6\" role=\"region\" aria-labelledby=\"elementor-tab-title-2146\"><p>Nuestra empresa ofrece 1 hora extra gratuita.<\/p><p>Si se necesita m\u00e1s de 1 hora, hay que ponerse en contacto con el tel\u00e9fono 24h de la empresa y si el conductor tiene disponibilidad de tac\u00f3grafo, el precio por hora extra es de 60\u20ac + IVA.<\/p><\/div>\n\t\t\t\t<\/div>\n\t\t\t\t\t\t\t<div class=\"elementor-accordion-item\">\n\t\t\t\t\t<div id=\"elementor-tab-title-2147\" class=\"elementor-tab-title\" data-tab=\"7\" role=\"button\" aria-controls=\"elementor-tab-content-2147\" aria-expanded=\"false\">\n\t\t\t\t\t\t\t\t\t\t\t\t\t<span class=\"elementor-accordion-icon elementor-accordion-icon-right\" aria-hidden=\"true\">\n\t\t\t\t\t\t\t\t\t\t\t\t\t\t\t<span class=\"elementor-accordion-icon-closed\"><i class=\"fas fa-plus\"><\/i><\/span>\n\t\t\t\t\t\t\t\t<span class=\"elementor-accordion-icon-opened\"><i class=\"fas fa-minus\"><\/i><\/span>\n\t\t\t\t\t\t\t\t\t\t\t\t\t\t<\/span>\n\t\t\t\t\t\t\t\t\t\t\t\t<a class=\"elementor-accordion-title\" tabindex=\"0\">\u00bfSe pueden hacer paradas extra?<\/a>\n\t\t\t\t\t<\/div>\n\t\t\t\t\t<div id=\"elementor-tab-content-2147\" class=\"elementor-tab-content elementor-clearfix\" data-tab=\"7\" role=\"region\" aria-labelledby=\"elementor-tab-title-2147\"><p>Se pueden hacer todas las paradas que el conductor tiene en la hoja de ruta o servicio. Si tienes dudas de hacer una parada u otra en el recorrido de regreso desde el restaurante, aconsejamos facilitar las dos direcciones y despu\u00e9s comunicarle al conductor la que se efectuar\u00e1.<\/p><\/div>\n\t\t\t\t<\/div>\n\t\t\t\t\t\t\t\t<\/div>\n\t\t\t\t\t\t<\/div>\n\t\t\t\t<\/div>\n\t\t\t\t\t<\/div>\n\t\t<\/div>\n\t\t\t\t\t<\/div>\n\t\t<\/section>\n\t\t\t\t<section class=\"elementor-section elementor-top-section elementor-element elementor-element-3dbb0ca elementor-section-boxed elementor-section-height-default elementor-section-height-default\" data-id=\"3dbb0ca\" data-element_type=\"section\" data-e-type=\"section\">\n\t\t\t\t\t\t<div class=\"elementor-container elementor-column-gap-default\">\n\t\t\t\t\t<div class=\"elementor-column elementor-col-100 elementor-top-column elementor-element elementor-element-88e6055\" data-id=\"88e6055\" data-element_type=\"column\" data-e-type=\"column\">\n\t\t\t<div class=\"elementor-widget-wrap elementor-element-populated\">\n\t\t\t\t\t\t<div class=\"elementor-element elementor-element-94b7a81 elementor-widget elementor-widget-spacer\" data-id=\"94b7a81\" data-element_type=\"widget\" data-e-type=\"widget\" data-widget_type=\"spacer.default\">\n\t\t\t\t<div class=\"elementor-widget-container\">\n\t\t\t\t\t\t\t<div class=\"elementor-spacer\">\n\t\t\t<div class=\"elementor-spacer-inner\"><\/div>\n\t\t<\/div>\n\t\t\t\t\t\t<\/div>\n\t\t\t\t<\/div>\n\t\t\t\t\t<\/div>\n\t\t<\/div>\n\t\t\t\t\t<\/div>\n\t\t<\/section>\n\t\t\t\t<\/div>\n\t\t","protected":false},"excerpt":{"rendered":"<p>Alquilar un autocar para tu boda nunca fue tan f\u00e1cil(ni tan c\u00f3modo) \u00bfCU\u00c1NDO TE CASAS? AUTOCARES PARA BODAS Preparar una boda ya es bastante estresante como para tener que a\u00f1adirle el estr\u00e9s de alquilar un autocar para los invitados. Tenemos autocares de diferentes capacidades para llevar a los invitados del lugar de la ceremonia al [&hellip;]<\/p>\n","protected":false},"author":2,"featured_media":14824,"parent":0,"menu_order":0,"comment_status":"closed","ping_status":"closed","template":"","meta":{"footnotes":""},"class_list":["post-14612","page","type-page","status-publish","has-post-thumbnail","hentry"],"yoast_head":"<!-- This site is optimized with the Yoast SEO plugin v27.3 - https:\/\/yoast.com\/product\/yoast-seo-wordpress\/ -->\n<title>Alquiler de autocares para bodas en Barcelona - Autocares Bernab\u00e9<\/title>\n<meta name=\"description\" content=\"Alquila uno de nuestros autocares para bodas en la provincia de Barcelona y deja que tus invitados disfruten de tu d\u00eda m\u00e1s especial.\" \/>\n<meta name=\"robots\" content=\"index, follow, max-snippet:-1, max-image-preview:large, max-video-preview:-1\" \/>\n<link rel=\"canonical\" href=\"https:\/\/autocarsbarcelona.es\/ca\/alquiler-autocar-bodas-barcelona\/\" \/>\n<meta property=\"og:locale\" content=\"ca_ES\" \/>\n<meta property=\"og:type\" content=\"article\" \/>\n<meta property=\"og:title\" content=\"Alquiler de autocares para bodas en Barcelona - Autocares Bernab\u00e9\" \/>\n<meta property=\"og:description\" content=\"Alquila uno de nuestros autocares para bodas en la provincia de Barcelona y deja que tus invitados disfruten de tu d\u00eda m\u00e1s especial.\" \/>\n<meta property=\"og:url\" content=\"https:\/\/autocarsbarcelona.es\/ca\/alquiler-autocar-bodas-barcelona\/\" \/>\n<meta property=\"og:site_name\" content=\"Autocares Bernab\u00e9 - Alquiler de autocares en Barcelona\" \/>\n<meta property=\"article:publisher\" content=\"https:\/\/www.facebook.com\/autocaresbernabe\" \/>\n<meta property=\"article:modified_time\" content=\"2025-03-06T08:45:35+00:00\" \/>\n<meta property=\"og:image\" content=\"https:\/\/autocarsbarcelona.es\/wp-content\/uploads\/2020\/10\/Autobuses_Bernabe_Web59-scaled.jpg\" \/>\n\t<meta property=\"og:image:width\" content=\"1920\" \/>\n\t<meta property=\"og:image:height\" content=\"2560\" \/>\n\t<meta property=\"og:image:type\" content=\"image\/jpeg\" \/>\n<meta name=\"twitter:card\" content=\"summary_large_image\" \/>\n<meta name=\"twitter:site\" content=\"@AutocarBernabe\" \/>\n<meta name=\"twitter:label1\" content=\"Temps estimat de lectura\" \/>\n\t<meta name=\"twitter:data1\" content=\"3 minuts\" \/>\n<script type=\"application\/ld+json\" class=\"yoast-schema-graph\">{\"@context\":\"https:\\\/\\\/schema.org\",\"@graph\":[{\"@type\":\"WebPage\",\"@id\":\"https:\\\/\\\/autocarsbarcelona.es\\\/alquiler-autocar-bodas-barcelona\\\/\",\"url\":\"https:\\\/\\\/autocarsbarcelona.es\\\/alquiler-autocar-bodas-barcelona\\\/\",\"name\":\"Alquiler de autocares para bodas en Barcelona - Autocares Bernab\u00e9\",\"isPartOf\":{\"@id\":\"https:\\\/\\\/autocarsbarcelona.es\\\/#website\"},\"primaryImageOfPage\":{\"@id\":\"https:\\\/\\\/autocarsbarcelona.es\\\/alquiler-autocar-bodas-barcelona\\\/#primaryimage\"},\"image\":{\"@id\":\"https:\\\/\\\/autocarsbarcelona.es\\\/alquiler-autocar-bodas-barcelona\\\/#primaryimage\"},\"thumbnailUrl\":\"https:\\\/\\\/autocarsbarcelona.es\\\/wp-content\\\/uploads\\\/2020\\\/10\\\/Autobuses_Bernabe_Web59-scaled.jpg\",\"datePublished\":\"2020-09-24T12:50:14+00:00\",\"dateModified\":\"2025-03-06T08:45:35+00:00\",\"description\":\"Alquila uno de nuestros autocares para bodas en la provincia de Barcelona y deja que tus invitados disfruten de tu d\u00eda m\u00e1s especial.\",\"breadcrumb\":{\"@id\":\"https:\\\/\\\/autocarsbarcelona.es\\\/alquiler-autocar-bodas-barcelona\\\/#breadcrumb\"},\"inLanguage\":\"ca\",\"potentialAction\":[{\"@type\":\"ReadAction\",\"target\":[\"https:\\\/\\\/autocarsbarcelona.es\\\/alquiler-autocar-bodas-barcelona\\\/\"]}]},{\"@type\":\"ImageObject\",\"inLanguage\":\"ca\",\"@id\":\"https:\\\/\\\/autocarsbarcelona.es\\\/alquiler-autocar-bodas-barcelona\\\/#primaryimage\",\"url\":\"https:\\\/\\\/autocarsbarcelona.es\\\/wp-content\\\/uploads\\\/2020\\\/10\\\/Autobuses_Bernabe_Web59-scaled.jpg\",\"contentUrl\":\"https:\\\/\\\/autocarsbarcelona.es\\\/wp-content\\\/uploads\\\/2020\\\/10\\\/Autobuses_Bernabe_Web59-scaled.jpg\",\"width\":1920,\"height\":2560,\"caption\":\"Lloguer autocars Barcelona\"},{\"@type\":\"BreadcrumbList\",\"@id\":\"https:\\\/\\\/autocarsbarcelona.es\\\/alquiler-autocar-bodas-barcelona\\\/#breadcrumb\",\"itemListElement\":[{\"@type\":\"ListItem\",\"position\":1,\"name\":\"Portada\",\"item\":\"https:\\\/\\\/autocarsbarcelona.es\\\/\"},{\"@type\":\"ListItem\",\"position\":2,\"name\":\"Servicios &#8211; Bodas\"}]},{\"@type\":\"WebSite\",\"@id\":\"https:\\\/\\\/autocarsbarcelona.es\\\/#website\",\"url\":\"https:\\\/\\\/autocarsbarcelona.es\\\/\",\"name\":\"Autocares Bernab\u00e9\",\"description\":\"Autocares Bernab\u00e9 Barcelona - Especialistas en alquiler de autocares para transporte escolar\",\"publisher\":{\"@id\":\"https:\\\/\\\/autocarsbarcelona.es\\\/#organization\"},\"potentialAction\":[{\"@type\":\"SearchAction\",\"target\":{\"@type\":\"EntryPoint\",\"urlTemplate\":\"https:\\\/\\\/autocarsbarcelona.es\\\/?s={search_term_string}\"},\"query-input\":{\"@type\":\"PropertyValueSpecification\",\"valueRequired\":true,\"valueName\":\"search_term_string\"}}],\"inLanguage\":\"ca\"},{\"@type\":\"Organization\",\"@id\":\"https:\\\/\\\/autocarsbarcelona.es\\\/#organization\",\"name\":\"Autocares Bernab\u00e9\",\"url\":\"https:\\\/\\\/autocarsbarcelona.es\\\/\",\"logo\":{\"@type\":\"ImageObject\",\"inLanguage\":\"ca\",\"@id\":\"https:\\\/\\\/autocarsbarcelona.es\\\/#\\\/schema\\\/logo\\\/image\\\/\",\"url\":\"https:\\\/\\\/autocarsbarcelona.es\\\/wp-content\\\/uploads\\\/2019\\\/11\\\/logo_bernabe_retina.png\",\"contentUrl\":\"https:\\\/\\\/autocarsbarcelona.es\\\/wp-content\\\/uploads\\\/2019\\\/11\\\/logo_bernabe_retina.png\",\"width\":240,\"height\":70,\"caption\":\"Autocares Bernab\u00e9\"},\"image\":{\"@id\":\"https:\\\/\\\/autocarsbarcelona.es\\\/#\\\/schema\\\/logo\\\/image\\\/\"},\"sameAs\":[\"https:\\\/\\\/www.facebook.com\\\/autocaresbernabe\",\"https:\\\/\\\/x.com\\\/AutocarBernabe\",\"https:\\\/\\\/www.instagram.com\\\/autocaresbernabe\\\/\"]}]}<\/script>\n<!-- \/ Yoast SEO plugin. -->","yoast_head_json":{"title":"Alquiler de autocares para bodas en Barcelona - Autocares Bernab\u00e9","description":"Alquila uno de nuestros autocares para bodas en la provincia de Barcelona y deja que tus invitados disfruten de tu d\u00eda m\u00e1s especial.","robots":{"index":"index","follow":"follow","max-snippet":"max-snippet:-1","max-image-preview":"max-image-preview:large","max-video-preview":"max-video-preview:-1"},"canonical":"https:\/\/autocarsbarcelona.es\/ca\/alquiler-autocar-bodas-barcelona\/","og_locale":"ca_ES","og_type":"article","og_title":"Alquiler de autocares para bodas en Barcelona - Autocares Bernab\u00e9","og_description":"Alquila uno de nuestros autocares para bodas en la provincia de Barcelona y deja que tus invitados disfruten de tu d\u00eda m\u00e1s especial.","og_url":"https:\/\/autocarsbarcelona.es\/ca\/alquiler-autocar-bodas-barcelona\/","og_site_name":"Autocares Bernab\u00e9 - Alquiler de autocares en Barcelona","article_publisher":"https:\/\/www.facebook.com\/autocaresbernabe","article_modified_time":"2025-03-06T08:45:35+00:00","og_image":[{"width":1920,"height":2560,"url":"https:\/\/autocarsbarcelona.es\/wp-content\/uploads\/2020\/10\/Autobuses_Bernabe_Web59-scaled.jpg","type":"image\/jpeg"}],"twitter_card":"summary_large_image","twitter_site":"@AutocarBernabe","twitter_misc":{"Temps estimat de lectura":"3 minuts"},"schema":{"@context":"https:\/\/schema.org","@graph":[{"@type":"WebPage","@id":"https:\/\/autocarsbarcelona.es\/alquiler-autocar-bodas-barcelona\/","url":"https:\/\/autocarsbarcelona.es\/alquiler-autocar-bodas-barcelona\/","name":"Alquiler de autocares para bodas en Barcelona - Autocares Bernab\u00e9","isPartOf":{"@id":"https:\/\/autocarsbarcelona.es\/#website"},"primaryImageOfPage":{"@id":"https:\/\/autocarsbarcelona.es\/alquiler-autocar-bodas-barcelona\/#primaryimage"},"image":{"@id":"https:\/\/autocarsbarcelona.es\/alquiler-autocar-bodas-barcelona\/#primaryimage"},"thumbnailUrl":"https:\/\/autocarsbarcelona.es\/wp-content\/uploads\/2020\/10\/Autobuses_Bernabe_Web59-scaled.jpg","datePublished":"2020-09-24T12:50:14+00:00","dateModified":"2025-03-06T08:45:35+00:00","description":"Alquila uno de nuestros autocares para bodas en la provincia de Barcelona y deja que tus invitados disfruten de tu d\u00eda m\u00e1s especial.","breadcrumb":{"@id":"https:\/\/autocarsbarcelona.es\/alquiler-autocar-bodas-barcelona\/#breadcrumb"},"inLanguage":"ca","potentialAction":[{"@type":"ReadAction","target":["https:\/\/autocarsbarcelona.es\/alquiler-autocar-bodas-barcelona\/"]}]},{"@type":"ImageObject","inLanguage":"ca","@id":"https:\/\/autocarsbarcelona.es\/alquiler-autocar-bodas-barcelona\/#primaryimage","url":"https:\/\/autocarsbarcelona.es\/wp-content\/uploads\/2020\/10\/Autobuses_Bernabe_Web59-scaled.jpg","contentUrl":"https:\/\/autocarsbarcelona.es\/wp-content\/uploads\/2020\/10\/Autobuses_Bernabe_Web59-scaled.jpg","width":1920,"height":2560,"caption":"Lloguer autocars Barcelona"},{"@type":"BreadcrumbList","@id":"https:\/\/autocarsbarcelona.es\/alquiler-autocar-bodas-barcelona\/#breadcrumb","itemListElement":[{"@type":"ListItem","position":1,"name":"Portada","item":"https:\/\/autocarsbarcelona.es\/"},{"@type":"ListItem","position":2,"name":"Servicios &#8211; Bodas"}]},{"@type":"WebSite","@id":"https:\/\/autocarsbarcelona.es\/#website","url":"https:\/\/autocarsbarcelona.es\/","name":"Autocares Bernab\u00e9","description":"Autocares Bernab\u00e9 Barcelona - Especialistas en alquiler de autocares para transporte escolar","publisher":{"@id":"https:\/\/autocarsbarcelona.es\/#organization"},"potentialAction":[{"@type":"SearchAction","target":{"@type":"EntryPoint","urlTemplate":"https:\/\/autocarsbarcelona.es\/?s={search_term_string}"},"query-input":{"@type":"PropertyValueSpecification","valueRequired":true,"valueName":"search_term_string"}}],"inLanguage":"ca"},{"@type":"Organization","@id":"https:\/\/autocarsbarcelona.es\/#organization","name":"Autocares Bernab\u00e9","url":"https:\/\/autocarsbarcelona.es\/","logo":{"@type":"ImageObject","inLanguage":"ca","@id":"https:\/\/autocarsbarcelona.es\/#\/schema\/logo\/image\/","url":"https:\/\/autocarsbarcelona.es\/wp-content\/uploads\/2019\/11\/logo_bernabe_retina.png","contentUrl":"https:\/\/autocarsbarcelona.es\/wp-content\/uploads\/2019\/11\/logo_bernabe_retina.png","width":240,"height":70,"caption":"Autocares Bernab\u00e9"},"image":{"@id":"https:\/\/autocarsbarcelona.es\/#\/schema\/logo\/image\/"},"sameAs":["https:\/\/www.facebook.com\/autocaresbernabe","https:\/\/x.com\/AutocarBernabe","https:\/\/www.instagram.com\/autocaresbernabe\/"]}]}},"_links":{"self":[{"href":"https:\/\/autocarsbarcelona.es\/ca\/wp-json\/wp\/v2\/pages\/14612","targetHints":{"allow":["GET"]}}],"collection":[{"href":"https:\/\/autocarsbarcelona.es\/ca\/wp-json\/wp\/v2\/pages"}],"about":[{"href":"https:\/\/autocarsbarcelona.es\/ca\/wp-json\/wp\/v2\/types\/page"}],"author":[{"embeddable":true,"href":"https:\/\/autocarsbarcelona.es\/ca\/wp-json\/wp\/v2\/users\/2"}],"replies":[{"embeddable":true,"href":"https:\/\/autocarsbarcelona.es\/ca\/wp-json\/wp\/v2\/comments?post=14612"}],"version-history":[{"count":52,"href":"https:\/\/autocarsbarcelona.es\/ca\/wp-json\/wp\/v2\/pages\/14612\/revisions"}],"predecessor-version":[{"id":15601,"href":"https:\/\/autocarsbarcelona.es\/ca\/wp-json\/wp\/v2\/pages\/14612\/revisions\/15601"}],"wp:featuredmedia":[{"embeddable":true,"href":"https:\/\/autocarsbarcelona.es\/ca\/wp-json\/wp\/v2\/media\/14824"}],"wp:attachment":[{"href":"https:\/\/autocarsbarcelona.es\/ca\/wp-json\/wp\/v2\/media?parent=14612"}],"curies":[{"name":"wp","href":"https:\/\/api.w.org\/{rel}","templated":true}]}}