{"id":10711,"date":"2018-06-14T09:32:25","date_gmt":"2018-06-14T07:32:25","guid":{"rendered":"https:\/\/enovathemes.com\/globax\/?page_id=10711"},"modified":"2020-09-28T22:15:21","modified_gmt":"2020-09-28T20:15:21","slug":"nuestra-empresa-old","status":"publish","type":"page","link":"https:\/\/autocarsbarcelona.es\/ca\/nuestra-empresa-old\/","title":{"rendered":"Nuestra empresa &#8211; old"},"content":{"rendered":"<section class=\"vc_section\"><div class=\"vc_row wpb_row vc_row-fluid vc_custom_1573137002414 vc-container\"><div data-animation-delay=\"0\" data-parallax-speed=\"1.5\" class=\"wpb_column vc_column_container vc_col-sm-12 vc_col-lg-12 vc_col-md-12 vc_col-xs-12\"><div class=\"vc_column-inner\" ><div class=\"wpb_wrapper\"><h2 id=\"et-animated-title-1\" class=\"et-animated-title et-clearfix  words-direct\" data-mobile-font=\"32px\" data-tablet-font=\"inherit\" data-delay=\"100\" style=\"font-size:48px;font-weight:700;line-height:56px;color:#212121;\"><span class=\"text-wrapper\"><span class=\"text\">M\u00e1s de 30 a\u00f1os ofreciendo calidad, seriedad, confort y profesionalidad.<\/span><\/span><\/h2><\/div><\/div><\/div><\/div><div class=\"vc_row wpb_row vc_row-fluid wpb_animate_when_almost_visible wpb_fadeIn fadeIn vc_custom_1573136880312 vc_column-gap-80 vc-container vc_row-o-content-middle vc_row-flex\"><div data-animation-delay=\"0\" data-parallax-speed=\"1.5\" class=\"wpb_column vc_column_container vc_col-sm-9 vc_col-lg-9 vc_col-md-9 vc_col-xs-12\"><div class=\"vc_column-inner\" ><div class=\"wpb_wrapper\">\n\t<div class=\"wpb_text_column wpb_content_element\" >\n\t\t<div class=\"wpb_wrapper\">\n\t\t\t<p style=\"font-size: 16px; line-height: 24px; text-align: justify;\">Nuestra empresa viene prestando desde hace m\u00e1s de 30 a\u00f1os un extenso servicio de alquiler de autobuses con una evoluci\u00f3n en el traslado de pasajeros acorde a nuestros tiempos.<\/p>\n<p style=\"font-size: 16px; line-height: 24px; text-align: justify;\">Disponemos de una gran flota de autobuses de alquiler disponibles para prestar un servicio eficiente, seguro y profesional. Nuestra flexibilidad y ubicaci\u00f3n en el entorno de la Catalu\u00f1a, nos permite dar un servicio r\u00e1pido con costes reducidos que se adaptan al recorrido y tama\u00f1o de cada grupo, servicios de alquiler de autobuses para cualquier traslado, traslado de grupos de empresa, transporte escolar, equipos deportivos, celebraciones o eventos, y excursiones por todo el territorio nacional e internacional.<\/p>\n\n\t\t<\/div>\n\t<\/div>\n<\/div><\/div><\/div><div data-animation-delay=\"0\" data-parallax-speed=\"1.5\" class=\"wpb_column vc_column_container vc_col-sm-3 vc_col-lg-3 vc_col-md-3 vc_col-xs-3\"><div class=\"vc_column-inner\" ><div class=\"wpb_wrapper\"><div data-curtain=\"false\" data-preloader=\"false\" data-decoration=\"false\" data-decoration-size=\"small\" data-animation-delay=\"0\" data-parallax=\"false\" data-coordinatex=\"0\" data-coordinatey=\"0\" data-speed=\"1\" class=\"et-custom-image  alignnone overlay-none curtain-left\"><div class=\"overlay-hover\"><div class=\"image\"><div class=\"image-container\"><img fetchpriority=\"high\" decoding=\"async\" width=\"247\" height=\"220\" src=\"https:\/\/autocarsbarcelona.es\/wp-content\/uploads\/2019\/11\/30anos.jpg\" alt=\"\"><\/div><\/div><\/div><\/div><\/div><\/div><\/div><\/div><div class=\"vc_row wpb_row vc_row-fluid vc_column-gap-24 vc-container\"><div data-animation-delay=\"0\" data-parallax-speed=\"1.5\" class=\"wpb_column vc_column_container vc_col-sm-12\"><div class=\"vc_column-inner\" ><div class=\"wpb_wrapper\">\n\t<div  class=\"wpb_single_image wpb_content_element vc_align_left\">\n\t\t\n\t\t<figure class=\"wpb_wrapper vc_figure\">\n\t\t\t<div class=\"vc_single_image-wrapper   vc_box_border_grey\"><img decoding=\"async\" width=\"1200\" height=\"321\" src=\"https:\/\/autocarsbarcelona.es\/wp-content\/uploads\/2019\/10\/historia-autocares-bernabe.jpg\" class=\"vc_single_image-img attachment-full\" alt=\"\" data-responsive-images=\"false\" \/><\/div>\n\t\t<\/figure>\n\t<\/div>\n<\/div><\/div><\/div><\/div><\/section><div class=\"vc_row wpb_row vc_row-fluid wpb_animate_when_almost_visible wpb_fadeIn fadeIn vc_custom_1573137022372 vc_column-gap-80 vc-container vc_row-o-content-middle vc_row-flex\"><div data-animation-delay=\"0\" data-parallax-speed=\"1.5\" class=\"wpb_column vc_column_container vc_col-sm-6 vc_col-lg-6 vc_col-md-6 vc_col-xs-12\"><div class=\"vc_column-inner\" ><div class=\"wpb_wrapper\"><h3 id=\"et-animated-title-2\" class=\"et-animated-title et-clearfix  words-direct\" data-mobile-font=\"18px\" data-tablet-font=\"inherit\" data-delay=\"100\" style=\"font-size:24px;font-weight:700;line-height:24px;color:#212121;\"><span class=\"text-wrapper\"><span class=\"text\">Calidad y seriedad<\/span><\/span><\/h3><div class=\"gap et-clearfix\" style=\"height:15px\"><\/div>\n\t<div class=\"wpb_text_column wpb_content_element\" >\n\t\t<div class=\"wpb_wrapper\">\n\t\t\t<p style=\"font-size: 16px; line-height: 24px; text-align: justify;\">En Autocares Bernab\u00e9 destacamos por la calidad y seriedad de nuestros servicios, as\u00ed como por el acercamiento a nuestros clientes, foco de toda nuestra actividad. Es por ello que nos esforzamos d\u00eda a d\u00eda para ofrecerles los autocares con las mejores prestaciones para que su experiencia con nosotros cumpla todas sus expectativas y se adecu\u00e9 a sus necesidades, ya sean de ocio o profesionales.<\/p>\n\n\t\t<\/div>\n\t<\/div>\n<\/div><\/div><\/div><div data-animation-delay=\"0\" data-parallax-speed=\"1.5\" class=\"wpb_column vc_column_container vc_col-sm-6\"><div class=\"vc_column-inner\" ><div class=\"wpb_wrapper\"><h3 id=\"et-animated-title-3\" class=\"et-animated-title et-clearfix  words-direct\" data-mobile-font=\"18px\" data-tablet-font=\"inherit\" data-delay=\"100\" style=\"font-size:24px;font-weight:700;line-height:24px;color:#212121;\"><span class=\"text-wrapper\"><span class=\"text\">En buenas manos<\/span><\/span><\/h3><div class=\"gap et-clearfix\" style=\"height:15px\"><\/div>\n\t<div class=\"wpb_text_column wpb_content_element\" >\n\t\t<div class=\"wpb_wrapper\">\n\t\t\t<p style=\"font-size: 16px; line-height: 24px; text-align: justify;\">Nuestros ch\u00f3feres est\u00e1n concienciados y formados en el d\u00eda a d\u00eda, para velar por la seguridad de nuestros viajeros que es los m\u00e1s importante, por eso somos con ellos, tanto o m\u00e1s exigentes que con nuestros veh\u00edculos, para que la seguridad de los pasajeros sea absoluta y cuente siempre con la tranquilidad y confianza de estar en manos expertas.<\/p>\n\n\t\t<\/div>\n\t<\/div>\n<\/div><\/div><\/div><\/div>","protected":false},"excerpt":{"rendered":"<p>Leverage agile frameworks to provide a robust synopsis for high level overviews. Iterative approaches to corporate strategy foster collaborative thinking to further the overall value proposition. Organically grow the holistic world view of disruptive innovation via workplace diversity and empowerment.<\/p>","protected":false},"author":1,"featured_media":0,"parent":0,"menu_order":0,"comment_status":"closed","ping_status":"closed","template":"page-vc.php","meta":{"footnotes":""},"class_list":["post-10711","page","type-page","status-publish","hentry"],"yoast_head":"<!-- This site is optimized with the Yoast SEO plugin v27.3 - https:\/\/yoast.com\/product\/yoast-seo-wordpress\/ -->\n<title>Nuestra empresa - old - Autocares Bernab\u00e9 - Alquiler de autocares en Barcelona<\/title>\n<meta name=\"robots\" content=\"index, follow, max-snippet:-1, max-image-preview:large, max-video-preview:-1\" \/>\n<link rel=\"canonical\" href=\"https:\/\/autocarsbarcelona.es\/ca\/nuestra-empresa-old\/\" \/>\n<meta property=\"og:locale\" content=\"ca_ES\" \/>\n<meta property=\"og:type\" content=\"article\" \/>\n<meta property=\"og:title\" content=\"Nuestra empresa - old - Autocares Bernab\u00e9 - Alquiler de autocares en Barcelona\" \/>\n<meta property=\"og:description\" content=\"Leverage agile frameworks to provide a robust synopsis for high level overviews. Iterative approaches to corporate strategy foster collaborative thinking to further the overall value proposition. Organically grow the holistic world view of disruptive innovation via workplace diversity and empowerment.\" \/>\n<meta property=\"og:url\" content=\"https:\/\/autocarsbarcelona.es\/ca\/nuestra-empresa-old\/\" \/>\n<meta property=\"og:site_name\" content=\"Autocares Bernab\u00e9 - Alquiler de autocares en Barcelona\" \/>\n<meta property=\"article:publisher\" content=\"https:\/\/www.facebook.com\/autocaresbernabe\" \/>\n<meta property=\"article:modified_time\" content=\"2020-09-28T20:15:21+00:00\" \/>\n<meta name=\"twitter:card\" content=\"summary_large_image\" \/>\n<meta name=\"twitter:site\" content=\"@AutocarBernabe\" \/>\n<meta name=\"twitter:label1\" content=\"Temps estimat de lectura\" \/>\n\t<meta name=\"twitter:data1\" content=\"2 minuts\" \/>\n<script type=\"application\/ld+json\" class=\"yoast-schema-graph\">{\"@context\":\"https:\\\/\\\/schema.org\",\"@graph\":[{\"@type\":\"WebPage\",\"@id\":\"https:\\\/\\\/autocarsbarcelona.es\\\/nuestra-empresa-old\\\/\",\"url\":\"https:\\\/\\\/autocarsbarcelona.es\\\/nuestra-empresa-old\\\/\",\"name\":\"Nuestra empresa - old - Autocares Bernab\u00e9 - Alquiler de autocares en Barcelona\",\"isPartOf\":{\"@id\":\"https:\\\/\\\/autocarsbarcelona.es\\\/#website\"},\"datePublished\":\"2018-06-14T07:32:25+00:00\",\"dateModified\":\"2020-09-28T20:15:21+00:00\",\"breadcrumb\":{\"@id\":\"https:\\\/\\\/autocarsbarcelona.es\\\/nuestra-empresa-old\\\/#breadcrumb\"},\"inLanguage\":\"ca\",\"potentialAction\":[{\"@type\":\"ReadAction\",\"target\":[\"https:\\\/\\\/autocarsbarcelona.es\\\/nuestra-empresa-old\\\/\"]}]},{\"@type\":\"BreadcrumbList\",\"@id\":\"https:\\\/\\\/autocarsbarcelona.es\\\/nuestra-empresa-old\\\/#breadcrumb\",\"itemListElement\":[{\"@type\":\"ListItem\",\"position\":1,\"name\":\"Portada\",\"item\":\"https:\\\/\\\/autocarsbarcelona.es\\\/\"},{\"@type\":\"ListItem\",\"position\":2,\"name\":\"Nuestra empresa &#8211; old\"}]},{\"@type\":\"WebSite\",\"@id\":\"https:\\\/\\\/autocarsbarcelona.es\\\/#website\",\"url\":\"https:\\\/\\\/autocarsbarcelona.es\\\/\",\"name\":\"Autocares Bernab\u00e9\",\"description\":\"Autocares Bernab\u00e9 Barcelona - Especialistas en alquiler de autocares para transporte escolar\",\"publisher\":{\"@id\":\"https:\\\/\\\/autocarsbarcelona.es\\\/#organization\"},\"potentialAction\":[{\"@type\":\"SearchAction\",\"target\":{\"@type\":\"EntryPoint\",\"urlTemplate\":\"https:\\\/\\\/autocarsbarcelona.es\\\/?s={search_term_string}\"},\"query-input\":{\"@type\":\"PropertyValueSpecification\",\"valueRequired\":true,\"valueName\":\"search_term_string\"}}],\"inLanguage\":\"ca\"},{\"@type\":\"Organization\",\"@id\":\"https:\\\/\\\/autocarsbarcelona.es\\\/#organization\",\"name\":\"Autocares Bernab\u00e9\",\"url\":\"https:\\\/\\\/autocarsbarcelona.es\\\/\",\"logo\":{\"@type\":\"ImageObject\",\"inLanguage\":\"ca\",\"@id\":\"https:\\\/\\\/autocarsbarcelona.es\\\/#\\\/schema\\\/logo\\\/image\\\/\",\"url\":\"https:\\\/\\\/autocarsbarcelona.es\\\/wp-content\\\/uploads\\\/2019\\\/11\\\/logo_bernabe_retina.png\",\"contentUrl\":\"https:\\\/\\\/autocarsbarcelona.es\\\/wp-content\\\/uploads\\\/2019\\\/11\\\/logo_bernabe_retina.png\",\"width\":240,\"height\":70,\"caption\":\"Autocares Bernab\u00e9\"},\"image\":{\"@id\":\"https:\\\/\\\/autocarsbarcelona.es\\\/#\\\/schema\\\/logo\\\/image\\\/\"},\"sameAs\":[\"https:\\\/\\\/www.facebook.com\\\/autocaresbernabe\",\"https:\\\/\\\/x.com\\\/AutocarBernabe\",\"https:\\\/\\\/www.instagram.com\\\/autocaresbernabe\\\/\"]}]}<\/script>\n<!-- \/ Yoast SEO plugin. -->","yoast_head_json":{"title":"Nuestra empresa - old - Autocares Bernab\u00e9 - Alquiler de autocares en Barcelona","robots":{"index":"index","follow":"follow","max-snippet":"max-snippet:-1","max-image-preview":"max-image-preview:large","max-video-preview":"max-video-preview:-1"},"canonical":"https:\/\/autocarsbarcelona.es\/ca\/nuestra-empresa-old\/","og_locale":"ca_ES","og_type":"article","og_title":"Nuestra empresa - old - Autocares Bernab\u00e9 - Alquiler de autocares en Barcelona","og_description":"Leverage agile frameworks to provide a robust synopsis for high level overviews. Iterative approaches to corporate strategy foster collaborative thinking to further the overall value proposition. Organically grow the holistic world view of disruptive innovation via workplace diversity and empowerment.","og_url":"https:\/\/autocarsbarcelona.es\/ca\/nuestra-empresa-old\/","og_site_name":"Autocares Bernab\u00e9 - Alquiler de autocares en Barcelona","article_publisher":"https:\/\/www.facebook.com\/autocaresbernabe","article_modified_time":"2020-09-28T20:15:21+00:00","twitter_card":"summary_large_image","twitter_site":"@AutocarBernabe","twitter_misc":{"Temps estimat de lectura":"2 minuts"},"schema":{"@context":"https:\/\/schema.org","@graph":[{"@type":"WebPage","@id":"https:\/\/autocarsbarcelona.es\/nuestra-empresa-old\/","url":"https:\/\/autocarsbarcelona.es\/nuestra-empresa-old\/","name":"Nuestra empresa - old - Autocares Bernab\u00e9 - Alquiler de autocares en Barcelona","isPartOf":{"@id":"https:\/\/autocarsbarcelona.es\/#website"},"datePublished":"2018-06-14T07:32:25+00:00","dateModified":"2020-09-28T20:15:21+00:00","breadcrumb":{"@id":"https:\/\/autocarsbarcelona.es\/nuestra-empresa-old\/#breadcrumb"},"inLanguage":"ca","potentialAction":[{"@type":"ReadAction","target":["https:\/\/autocarsbarcelona.es\/nuestra-empresa-old\/"]}]},{"@type":"BreadcrumbList","@id":"https:\/\/autocarsbarcelona.es\/nuestra-empresa-old\/#breadcrumb","itemListElement":[{"@type":"ListItem","position":1,"name":"Portada","item":"https:\/\/autocarsbarcelona.es\/"},{"@type":"ListItem","position":2,"name":"Nuestra empresa &#8211; old"}]},{"@type":"WebSite","@id":"https:\/\/autocarsbarcelona.es\/#website","url":"https:\/\/autocarsbarcelona.es\/","name":"Autocares Bernab\u00e9","description":"Autocares Bernab\u00e9 Barcelona - Especialistas en alquiler de autocares para transporte escolar","publisher":{"@id":"https:\/\/autocarsbarcelona.es\/#organization"},"potentialAction":[{"@type":"SearchAction","target":{"@type":"EntryPoint","urlTemplate":"https:\/\/autocarsbarcelona.es\/?s={search_term_string}"},"query-input":{"@type":"PropertyValueSpecification","valueRequired":true,"valueName":"search_term_string"}}],"inLanguage":"ca"},{"@type":"Organization","@id":"https:\/\/autocarsbarcelona.es\/#organization","name":"Autocares Bernab\u00e9","url":"https:\/\/autocarsbarcelona.es\/","logo":{"@type":"ImageObject","inLanguage":"ca","@id":"https:\/\/autocarsbarcelona.es\/#\/schema\/logo\/image\/","url":"https:\/\/autocarsbarcelona.es\/wp-content\/uploads\/2019\/11\/logo_bernabe_retina.png","contentUrl":"https:\/\/autocarsbarcelona.es\/wp-content\/uploads\/2019\/11\/logo_bernabe_retina.png","width":240,"height":70,"caption":"Autocares Bernab\u00e9"},"image":{"@id":"https:\/\/autocarsbarcelona.es\/#\/schema\/logo\/image\/"},"sameAs":["https:\/\/www.facebook.com\/autocaresbernabe","https:\/\/x.com\/AutocarBernabe","https:\/\/www.instagram.com\/autocaresbernabe\/"]}]}},"_links":{"self":[{"href":"https:\/\/autocarsbarcelona.es\/ca\/wp-json\/wp\/v2\/pages\/10711","targetHints":{"allow":["GET"]}}],"collection":[{"href":"https:\/\/autocarsbarcelona.es\/ca\/wp-json\/wp\/v2\/pages"}],"about":[{"href":"https:\/\/autocarsbarcelona.es\/ca\/wp-json\/wp\/v2\/types\/page"}],"author":[{"embeddable":true,"href":"https:\/\/autocarsbarcelona.es\/ca\/wp-json\/wp\/v2\/users\/1"}],"replies":[{"embeddable":true,"href":"https:\/\/autocarsbarcelona.es\/ca\/wp-json\/wp\/v2\/comments?post=10711"}],"version-history":[{"count":32,"href":"https:\/\/autocarsbarcelona.es\/ca\/wp-json\/wp\/v2\/pages\/10711\/revisions"}],"predecessor-version":[{"id":14757,"href":"https:\/\/autocarsbarcelona.es\/ca\/wp-json\/wp\/v2\/pages\/10711\/revisions\/14757"}],"wp:attachment":[{"href":"https:\/\/autocarsbarcelona.es\/ca\/wp-json\/wp\/v2\/media?parent=10711"}],"curies":[{"name":"wp","href":"https:\/\/api.w.org\/{rel}","templated":true}]}}